{"version":"1.0","provider_name":"DEV RNV","provider_url":"https:\/\/stage3.rnv.gob.ve\/wp","author_name":"Claudimar Perche","author_url":"https:\/\/stage3.rnv.gob.ve\/wp\/author\/claudimar_perche\/","title":"AN presentar\u00e1 lista de candidatos elegibles al cargo de defensor p\u00fablico general - DEV RNV","type":"rich","width":600,"height":338,"html":"<blockquote class=\"wp-embedded-content\" data-secret=\"l4xPUw4oGt\"><a href=\"https:\/\/stage3.rnv.gob.ve\/wp\/defensor-publico\/\">AN presentar\u00e1 lista de candidatos elegibles al cargo de defensor p\u00fablico general<\/a><\/blockquote><iframe sandbox=\"allow-scripts\" security=\"restricted\" src=\"https:\/\/stage3.rnv.gob.ve\/wp\/defensor-publico\/embed\/#?secret=l4xPUw4oGt\" width=\"600\" height=\"338\" title=\"&#171;AN presentar\u00e1 lista de candidatos elegibles al cargo de defensor p\u00fablico general&#187; &#8212; DEV RNV\" data-secret=\"l4xPUw4oGt\" frameborder=\"0\" marginwidth=\"0\" marginheight=\"0\" scrolling=\"no\" class=\"wp-embedded-content\"><\/iframe><script>\n\/*! This file is auto-generated *\/\n!function(d,l){\"use strict\";l.querySelector&&d.addEventListener&&\"undefined\"!=typeof URL&&(d.wp=d.wp||{},d.wp.receiveEmbedMessage||(d.wp.receiveEmbedMessage=function(e){var t=e.data;if((t||t.secret||t.message||t.value)&&!\/[^a-zA-Z0-9]\/.test(t.secret)){for(var s,r,n,a=l.querySelectorAll('iframe[data-secret=\"'+t.secret+'\"]'),o=l.querySelectorAll('blockquote[data-secret=\"'+t.secret+'\"]'),c=new RegExp(\"^https?:$\",\"i\"),i=0;i<o.length;i++)o[i].style.display=\"none\";for(i=0;i<a.length;i++)s=a[i],e.source===s.contentWindow&&(s.removeAttribute(\"style\"),\"height\"===t.message?(1e3<(r=parseInt(t.value,10))?r=1e3:~~r<200&&(r=200),s.height=r):\"link\"===t.message&&(r=new URL(s.getAttribute(\"src\")),n=new URL(t.value),c.test(n.protocol))&&n.host===r.host&&l.activeElement===s&&(d.top.location.href=t.value))}},d.addEventListener(\"message\",d.wp.receiveEmbedMessage,!1),l.addEventListener(\"DOMContentLoaded\",function(){for(var e,t,s=l.querySelectorAll(\"iframe.wp-embedded-content\"),r=0;r<s.length;r++)(t=(e=s[r]).getAttribute(\"data-secret\"))||(t=Math.random().toString(36).substring(2,12),e.src+=\"#?secret=\"+t,e.setAttribute(\"data-secret\",t)),e.contentWindow.postMessage({message:\"ready\",secret:t},\"*\")},!1)))}(window,document);\n\/\/# sourceURL=https:\/\/stage3.rnv.gob.ve\/wp\/wp-includes\/js\/wp-embed.min.js\n<\/script>\n","thumbnail_url":"https:\/\/stage3.rnv.gob.ve\/wp\/wp-content\/uploads\/2022\/07\/Asamblea-Nacional.jpg","thumbnail_width":800,"thumbnail_height":445,"description":"Este martes, el Comit\u00e9 de Postulaciones Judiciales de la Asamblea Nacional (AN) presentar\u00e1 la lista de candidatos elegibles a cargo de defensora o defensor p\u00fablico general. Cabe mencionar que dicha presentaci\u00f3n se realizar\u00e1 durante la sesi\u00f3n ordinaria de la Asamblea Nacional (AN), en el Palacio Federal Legislativo, refiri\u00f3 AVN. El pasado 21 de junio, el [&hellip;]"}